{"id":7772,"date":"2023-08-25T13:51:57","date_gmt":"2023-08-25T17:51:57","guid":{"rendered":"https:\/\/www.cscno-wnchc.org\/?page_id=7772"},"modified":"2023-12-14T10:21:04","modified_gmt":"2023-12-14T15:21:04","slug":"nous-demandons-car-nous-nous-soucions","status":"publish","type":"page","link":"https:\/\/www.cscno-wnchc.org\/fr\/a-propos-de-nous\/nous-demandons-car-nous-nous-soucions\/","title":{"rendered":"Nous demandons car nous nous soucions"},"content":{"rendered":"\t\t<div data-elementor-type=\"wp-page\" data-elementor-id=\"7772\" class=\"elementor elementor-7772 elementor-7583\" data-elementor-post-type=\"page\">\n\t\t\t\t\t\t<section class=\"elementor-section elementor-top-section elementor-element elementor-element-514f692 elementor-section-boxed elementor-section-height-default elementor-section-height-default\" data-id=\"514f692\" data-element_type=\"section\" data-e-type=\"section\">\n\t\t\t\t\t\t<div class=\"elementor-container elementor-column-gap-default\">\n\t\t\t\t\t<div class=\"elementor-column elementor-col-100 elementor-top-column elementor-element elementor-element-ef8a839\" data-id=\"ef8a839\" data-element_type=\"column\" data-e-type=\"column\">\n\t\t\t<div class=\"elementor-widget-wrap elementor-element-populated\">\n\t\t\t\t\t\t<div class=\"elementor-element elementor-element-57cc088 elementor-widget elementor-widget-heading\" data-id=\"57cc088\" data-element_type=\"widget\" data-e-type=\"widget\" data-widget_type=\"heading.default\">\n\t\t\t\t\t<h1 class=\"elementor-heading-title elementor-size-default\">Nous demandons car nous nous soucions.<\/h1>\t\t\t\t<\/div>\n\t\t\t\t<div class=\"elementor-element elementor-element-ade9a78 elementor-widget elementor-widget-image\" data-id=\"ade9a78\" data-element_type=\"widget\" data-e-type=\"widget\" data-widget_type=\"image.default\">\n\t\t\t\t\t\t\t\t\t\t\t\t\t\t\t<img fetchpriority=\"high\" decoding=\"async\" width=\"800\" height=\"671\" src=\"https:\/\/www.cscno-wnchc.org\/wp-content\/uploads\/2023\/08\/Nous-demandons-car-nous-nous-soucions.png\" class=\"attachment-large size-large wp-image-7759\" alt=\"Nous demandons car nous nous soucions\" srcset=\"https:\/\/www.cscno-wnchc.org\/wp-content\/uploads\/2023\/08\/Nous-demandons-car-nous-nous-soucions.png 940w, https:\/\/www.cscno-wnchc.org\/wp-content\/uploads\/2023\/08\/Nous-demandons-car-nous-nous-soucions-600x503.png 600w, https:\/\/www.cscno-wnchc.org\/wp-content\/uploads\/2023\/08\/Nous-demandons-car-nous-nous-soucions-300x251.png 300w, https:\/\/www.cscno-wnchc.org\/wp-content\/uploads\/2023\/08\/Nous-demandons-car-nous-nous-soucions-768x644.png 768w\" sizes=\"(max-width: 800px) 100vw, 800px\" \/>\t\t\t\t\t\t\t\t\t\t\t\t\t\t\t<\/div>\n\t\t\t\t<div class=\"elementor-element elementor-element-8c4dce2 elementor-widget elementor-widget-text-editor\" data-id=\"8c4dce2\" data-element_type=\"widget\" data-e-type=\"widget\" data-widget_type=\"text-editor.default\">\n\t\t\t\t\t\t\t\t\t<p>Le Centre de sant\u00e9 communautaire de Nipissing Ouest (CSCNO) met \u00e0 jour et\/ou recueille des informations pour nous aider \u00e0 mieux conna\u00eetre les clients que nous desservons et \u00e0 d\u00e9velopper des programmes et des services qui r\u00e9pondent \u00e0 leurs besoins afin d\u2019am\u00e9liorer les r\u00e9sultats de sant\u00e9 globaux dans notre communaut\u00e9.<\/p><p>Les clients qui ont un fournisseur de soins de sant\u00e9 au Centre seront invit\u00e9s \u00e0 mettre \u00e0 jour leur dossier en remplissant une courte enqu\u00eate \u00e0 tous les trois ans. Cette enqu\u00eate comprend des questions relatives aux donn\u00e9es d\u00e9mographiques. L&rsquo;enqu\u00eate peut \u00eatre une copie papier, ou vous pouvez recevoir l&rsquo;enqu\u00eate par courrier \u00e9lectronique intitul\u00e9 : We Ask Because We Care ou Nous demandons car nous nous soucions.<\/p><p><strong>Les donn\u00e9es que nous recueillons sont les suivantes : <\/strong><\/p><ul><li>la langue<\/li><li>Origine raciale\/ethnique<\/li><li>le handicap<\/li><li>l&rsquo;orientation sexuelle<\/li><li>le sexe<\/li><li>Revenu<\/li><li>Dur\u00e9e du s\u00e9jour au Canada<\/li><\/ul><p><strong><br \/>Comment nous utiliserons ces informations : <\/strong><\/p><ul><li>Nous \u00e9tudierons si des facteurs tels que la langue, le handicap, le sexe, etc. sont li\u00e9s aux r\u00e9sultats en mati\u00e8re de sant\u00e9.<\/li><li>Nous voulons en savoir plus sur le lien entre votre dur\u00e9e de r\u00e9sidence au Canada et les r\u00e9sultats en mati\u00e8re de sant\u00e9.<\/li><li>Nous examinerons et utiliserons les informations pour d\u00e9velopper des programmes et former le personnel aux services.<\/li><li>Votre fournisseur de soins de sant\u00e9 peut vous orienter vers des services, vous donner des informations ou identifier des besoins particuliers, comme par exemple<ul><li>Services d&rsquo;interpr\u00e9tation<\/li><li>des informations sur la sant\u00e9<\/li><li>Programmes de traitement<\/li><li>des adaptations pour les handicaps<\/li><li>Informations sur les soins<\/li><\/ul><\/li><\/ul>\t\t\t\t\t\t\t\t<\/div>\n\t\t\t\t\t<\/div>\n\t\t<\/div>\n\t\t\t\t\t<\/div>\n\t\t<\/section>\n\t\t\t\t<section class=\"elementor-section elementor-top-section elementor-element elementor-element-ff060c8 elementor-section-boxed elementor-section-height-default elementor-section-height-default\" data-id=\"ff060c8\" data-element_type=\"section\" data-e-type=\"section\">\n\t\t\t\t\t\t<div class=\"elementor-container elementor-column-gap-default\">\n\t\t\t\t\t<div class=\"elementor-column elementor-col-100 elementor-top-column elementor-element elementor-element-62dda22\" data-id=\"62dda22\" data-element_type=\"column\" data-e-type=\"column\">\n\t\t\t<div class=\"elementor-widget-wrap elementor-element-populated\">\n\t\t\t\t\t\t<div class=\"elementor-element elementor-element-2cc48e3 elementor-widget elementor-widget-heading\" data-id=\"2cc48e3\" data-element_type=\"widget\" data-e-type=\"widget\" data-widget_type=\"heading.default\">\n\t\t\t\t\t<h2 class=\"elementor-heading-title elementor-size-default\">Questions fr\u00e9quemment pos\u00e9es (FAQ)<\/h2>\t\t\t\t<\/div>\n\t\t\t\t<div class=\"elementor-element elementor-element-9bc79a7 elementor-widget elementor-widget-accordion\" data-id=\"9bc79a7\" data-element_type=\"widget\" data-e-type=\"widget\" data-widget_type=\"accordion.default\">\n\t\t\t\t\t\t\t<div class=\"elementor-accordion\">\n\t\t\t\t\t\t\t<div class=\"elementor-accordion-item\">\n\t\t\t\t\t<div id=\"elementor-tab-title-1631\" class=\"elementor-tab-title\" data-tab=\"1\" role=\"button\" aria-controls=\"elementor-tab-content-1631\" aria-expanded=\"false\">\n\t\t\t\t\t\t\t\t\t\t\t\t\t<span class=\"elementor-accordion-icon elementor-accordion-icon-left\" aria-hidden=\"true\">\n\t\t\t\t\t\t\t\t\t\t\t\t\t\t\t<span class=\"elementor-accordion-icon-closed\"><i class=\"fas fa-plus\"><\/i><\/span>\n\t\t\t\t\t\t\t\t<span class=\"elementor-accordion-icon-opened\"><i class=\"fas fa-minus\"><\/i><\/span>\n\t\t\t\t\t\t\t\t\t\t\t\t\t\t<\/span>\n\t\t\t\t\t\t\t\t\t\t\t\t<a class=\"elementor-accordion-title\" tabindex=\"0\">Que signifie le terme \"d\u00e9mographique\" ?<\/a>\n\t\t\t\t\t<\/div>\n\t\t\t\t\t<div id=\"elementor-tab-content-1631\" class=\"elementor-tab-content elementor-clearfix\" data-tab=\"1\" role=\"region\" aria-labelledby=\"elementor-tab-title-1631\"><p>Le terme \u00ab\u00a0d\u00e9mographique\u00a0\u00bb d\u00e9signe les informations collect\u00e9es sur un groupe de personnes et qui permettent de les d\u00e9crire.<\/p><\/div>\n\t\t\t\t<\/div>\n\t\t\t\t\t\t\t<div class=\"elementor-accordion-item\">\n\t\t\t\t\t<div id=\"elementor-tab-title-1632\" class=\"elementor-tab-title\" data-tab=\"2\" role=\"button\" aria-controls=\"elementor-tab-content-1632\" aria-expanded=\"false\">\n\t\t\t\t\t\t\t\t\t\t\t\t\t<span class=\"elementor-accordion-icon elementor-accordion-icon-left\" aria-hidden=\"true\">\n\t\t\t\t\t\t\t\t\t\t\t\t\t\t\t<span class=\"elementor-accordion-icon-closed\"><i class=\"fas fa-plus\"><\/i><\/span>\n\t\t\t\t\t\t\t\t<span class=\"elementor-accordion-icon-opened\"><i class=\"fas fa-minus\"><\/i><\/span>\n\t\t\t\t\t\t\t\t\t\t\t\t\t\t<\/span>\n\t\t\t\t\t\t\t\t\t\t\t\t<a class=\"elementor-accordion-title\" tabindex=\"0\">Pourquoi me posez-vous ces questions ?<\/a>\n\t\t\t\t\t<\/div>\n\t\t\t\t\t<div id=\"elementor-tab-content-1632\" class=\"elementor-tab-content elementor-clearfix\" data-tab=\"2\" role=\"region\" aria-labelledby=\"elementor-tab-title-1632\"><p>En posant ces questions, nous continuerons \u00e0 conna\u00eetre nos patients et nos clients et nous pourrons mieux leur fournir des soins et des services. Par ailleurs, il arrive que des personnes soient victimes de discrimination dans les \u00e9tablissements de soins de sant\u00e9. Nous voulons nous assurer que cela ne se produit pas. Si c&rsquo;est le cas, nous voulons le corriger.<\/p><\/div>\n\t\t\t\t<\/div>\n\t\t\t\t\t\t\t<div class=\"elementor-accordion-item\">\n\t\t\t\t\t<div id=\"elementor-tab-title-1633\" class=\"elementor-tab-title\" data-tab=\"3\" role=\"button\" aria-controls=\"elementor-tab-content-1633\" aria-expanded=\"false\">\n\t\t\t\t\t\t\t\t\t\t\t\t\t<span class=\"elementor-accordion-icon elementor-accordion-icon-left\" aria-hidden=\"true\">\n\t\t\t\t\t\t\t\t\t\t\t\t\t\t\t<span class=\"elementor-accordion-icon-closed\"><i class=\"fas fa-plus\"><\/i><\/span>\n\t\t\t\t\t\t\t\t<span class=\"elementor-accordion-icon-opened\"><i class=\"fas fa-minus\"><\/i><\/span>\n\t\t\t\t\t\t\t\t\t\t\t\t\t\t<\/span>\n\t\t\t\t\t\t\t\t\t\t\t\t<a class=\"elementor-accordion-title\" tabindex=\"0\">Est-il l\u00e9gal de poser ces questions ?<\/a>\n\t\t\t\t\t<\/div>\n\t\t\t\t\t<div id=\"elementor-tab-content-1633\" class=\"elementor-tab-content elementor-clearfix\" data-tab=\"3\" role=\"region\" aria-labelledby=\"elementor-tab-title-1633\"><p>Oui, la Commission ontarienne des droits de la personne encourage fortement les organismes \u00e0 collecter et \u00e0 utiliser des informations d\u00e9mographiques pour assurer le suivi des r\u00e9sultats et promouvoir l&rsquo;\u00e9quit\u00e9. En outre, la Loi de 2010 sur l&rsquo;excellence des soins pour tous de l&rsquo;Ontario tient les h\u00f4pitaux responsables de la prestation de soins de sant\u00e9 de qualit\u00e9. Cette loi oblige les organismes de soins de sant\u00e9 \u00e0 recueillir des informations sur l&rsquo;exp\u00e9rience des patients et des clients. Nous avons appris que les informations d\u00e9mographiques ont un impact sur l&rsquo;exp\u00e9rience des patients et des clients et sur leur d\u00e9cision de recourir ou non aux soins de sant\u00e9.<\/p><\/div>\n\t\t\t\t<\/div>\n\t\t\t\t\t\t\t<div class=\"elementor-accordion-item\">\n\t\t\t\t\t<div id=\"elementor-tab-title-1634\" class=\"elementor-tab-title\" data-tab=\"4\" role=\"button\" aria-controls=\"elementor-tab-content-1634\" aria-expanded=\"false\">\n\t\t\t\t\t\t\t\t\t\t\t\t\t<span class=\"elementor-accordion-icon elementor-accordion-icon-left\" aria-hidden=\"true\">\n\t\t\t\t\t\t\t\t\t\t\t\t\t\t\t<span class=\"elementor-accordion-icon-closed\"><i class=\"fas fa-plus\"><\/i><\/span>\n\t\t\t\t\t\t\t\t<span class=\"elementor-accordion-icon-opened\"><i class=\"fas fa-minus\"><\/i><\/span>\n\t\t\t\t\t\t\t\t\t\t\t\t\t\t<\/span>\n\t\t\t\t\t\t\t\t\t\t\t\t<a class=\"elementor-accordion-title\" tabindex=\"0\">Qui peut voir mes informations d\u00e9mographiques ?<\/a>\n\t\t\t\t\t<\/div>\n\t\t\t\t\t<div id=\"elementor-tab-content-1634\" class=\"elementor-tab-content elementor-clearfix\" data-tab=\"4\" role=\"region\" aria-labelledby=\"elementor-tab-title-1634\"><p>Nous prenons votre vie priv\u00e9e tr\u00e8s au s\u00e9rieux.<\/p><ol><li>Ces informations seront uniquement accessibles \u00e0 votre \u00e9quipe de soins de sant\u00e9 et seront prot\u00e9g\u00e9es comme toutes les autres informations relatives \u00e0 votre sant\u00e9.<\/li><li>Ces informations resteront confidentielles et seront inaccessibles \u00e0 quiconque.<\/li><\/ol><p><br \/>Si elles sont utilis\u00e9es dans le cadre d&rsquo;une recherche, les informations de tous les patients et clients seront combin\u00e9es et les chercheurs ne pourront pas les identifier.<\/p><\/div>\n\t\t\t\t<\/div>\n\t\t\t\t\t\t\t<div class=\"elementor-accordion-item\">\n\t\t\t\t\t<div id=\"elementor-tab-title-1635\" class=\"elementor-tab-title\" data-tab=\"5\" role=\"button\" aria-controls=\"elementor-tab-content-1635\" aria-expanded=\"false\">\n\t\t\t\t\t\t\t\t\t\t\t\t\t<span class=\"elementor-accordion-icon elementor-accordion-icon-left\" aria-hidden=\"true\">\n\t\t\t\t\t\t\t\t\t\t\t\t\t\t\t<span class=\"elementor-accordion-icon-closed\"><i class=\"fas fa-plus\"><\/i><\/span>\n\t\t\t\t\t\t\t\t<span class=\"elementor-accordion-icon-opened\"><i class=\"fas fa-minus\"><\/i><\/span>\n\t\t\t\t\t\t\t\t\t\t\t\t\t\t<\/span>\n\t\t\t\t\t\t\t\t\t\t\t\t<a class=\"elementor-accordion-title\" tabindex=\"0\">Je ne suis l\u00e0 que pour un rendez-vous rapide. En quoi cela concerne-t-il mes soins ?<\/a>\n\t\t\t\t\t<\/div>\n\t\t\t\t\t<div id=\"elementor-tab-content-1635\" class=\"elementor-tab-content elementor-clearfix\" data-tab=\"5\" role=\"region\" aria-labelledby=\"elementor-tab-title-1635\"><p>Il est important pour nous de savoir qui nous desservons, si les besoins des patients et des clients correspondent aux soins que nous fournissons \u00e0 tous.<\/p><p>Ces informations nous aideront \u00e0 comprendre et \u00e0 planifier les soins, non seulement pour vos futures visites, mais aussi pour d&rsquo;autres patients et clients qui pourraient avoir des besoins similaires aux v\u00f4tres. Nous avons ainsi une vue d&rsquo;ensemble de notre population de patients et de clients.<\/p><\/div>\n\t\t\t\t<\/div>\n\t\t\t\t\t\t\t<div class=\"elementor-accordion-item\">\n\t\t\t\t\t<div id=\"elementor-tab-title-1636\" class=\"elementor-tab-title\" data-tab=\"6\" role=\"button\" aria-controls=\"elementor-tab-content-1636\" aria-expanded=\"false\">\n\t\t\t\t\t\t\t\t\t\t\t\t\t<span class=\"elementor-accordion-icon elementor-accordion-icon-left\" aria-hidden=\"true\">\n\t\t\t\t\t\t\t\t\t\t\t\t\t\t\t<span class=\"elementor-accordion-icon-closed\"><i class=\"fas fa-plus\"><\/i><\/span>\n\t\t\t\t\t\t\t\t<span class=\"elementor-accordion-icon-opened\"><i class=\"fas fa-minus\"><\/i><\/span>\n\t\t\t\t\t\t\t\t\t\t\t\t\t\t<\/span>\n\t\t\t\t\t\t\t\t\t\t\t\t<a class=\"elementor-accordion-title\" tabindex=\"0\">Que se passe-t-il si je ne souhaite pas r\u00e9pondre \u00e0 certaines questions ?<\/a>\n\t\t\t\t\t<\/div>\n\t\t\t\t\t<div id=\"elementor-tab-content-1636\" class=\"elementor-tab-content elementor-clearfix\" data-tab=\"6\" role=\"region\" aria-labelledby=\"elementor-tab-title-1636\"><p>Vous pouvez r\u00e9pondre \u00ab\u00a0pr\u00e9f\u00e8re ne pas r\u00e9pondre\u00a0\u00bb \u00e0 l&rsquo;une ou l&rsquo;autre des questions. Cela n&rsquo;aura aucune incidence sur les soins que vous recevrez ici.<\/p><\/div>\n\t\t\t\t<\/div>\n\t\t\t\t\t\t\t<div class=\"elementor-accordion-item\">\n\t\t\t\t\t<div id=\"elementor-tab-title-1637\" class=\"elementor-tab-title\" data-tab=\"7\" role=\"button\" aria-controls=\"elementor-tab-content-1637\" aria-expanded=\"false\">\n\t\t\t\t\t\t\t\t\t\t\t\t\t<span class=\"elementor-accordion-icon elementor-accordion-icon-left\" aria-hidden=\"true\">\n\t\t\t\t\t\t\t\t\t\t\t\t\t\t\t<span class=\"elementor-accordion-icon-closed\"><i class=\"fas fa-plus\"><\/i><\/span>\n\t\t\t\t\t\t\t\t<span class=\"elementor-accordion-icon-opened\"><i class=\"fas fa-minus\"><\/i><\/span>\n\t\t\t\t\t\t\t\t\t\t\t\t\t\t<\/span>\n\t\t\t\t\t\t\t\t\t\t\t\t<a class=\"elementor-accordion-title\" tabindex=\"0\">Qu'est-ce qu'un handicap et comment peut-il varier d'une personne \u00e0 l'autre ? <\/a>\n\t\t\t\t\t<\/div>\n\t\t\t\t\t<div id=\"elementor-tab-content-1637\" class=\"elementor-tab-content elementor-clearfix\" data-tab=\"7\" role=\"region\" aria-labelledby=\"elementor-tab-title-1637\"><p><span lang=\"FR-CA\">Le terme \u00ab\u00a0handicap\u00a0\u00bb couvre un ensemble de conditions et de degr\u00e9s tr\u00e8s divers. Certains sont visibles, d&rsquo;autres non. Un handicap peut \u00eatre pr\u00e9sent d\u00e8s la naissance, avoir \u00e9t\u00e9 caus\u00e9 par un accident ou se d\u00e9velopper au fil du temps. Il existe des handicaps physiques, mentaux, des difficult\u00e9s d&rsquo;apprentissage, des troubles mentaux, des d\u00e9ficiences auditives et visuelles, des d\u00e9pendances \u00e0 la drogue et \u00e0 l&rsquo;alcool et d&rsquo;autres conditions qui constituent un handicap. Le handicap est souvent d\u00e9crit comme l&rsquo;oppression sociale \u00e0 laquelle sont confront\u00e9es les personnes souffrant de d\u00e9ficiences qui vivent dans un environnement qui n&rsquo;est pas adapt\u00e9 \u00e0 leurs besoins. Bien que de nombreuses personnes handicap\u00e9es se trouvent en bonne sant\u00e9, la grande majorit\u00e9 d&rsquo;entre elles se trouvent confront\u00e9es \u00e0 des obstacles qui leur emp\u00eachent d&rsquo;utiliser le syst\u00e8me de soins de sant\u00e9 pour de nombreuses raisons. En voici quelques exemples :\u00a0<\/span><\/p><ul><li class=\"MsoNormal\"><span lang=\"FR-CA\">Maladie chronique (par exemple, <\/span><span lang=\"FR-CA\" style=\"font-size: 10.5pt; line-height: 107%; font-family: Arial, sans-serif; color: #262626; background-image: initial; background-position: initial; background-size: initial; background-repeat: initial; background-attachment: initial; background-origin: initial; background-clip: initial;\">\u00a0<\/span><span lang=\"FR-CA\">maladie pulmonaire obstructive chronique<\/span>, asthme, diab\u00e8te)<\/li><li class=\"MsoNormal\"><span lang=\"FR-CA\">Troubles du d\u00e9veloppement (par exemple, troubles d&rsquo;hyperactivit\u00e9 avec d\u00e9ficit de l&rsquo;attention, Autisme, troubles de l&rsquo;apprentissage) <\/span><\/li><li class=\"MsoNormal\"><span lang=\"FR-CA\">Maladie mentale (par exemple, d\u00e9pression, anxi\u00e9t\u00e9)<\/span><\/li><li class=\"MsoNormal\"><span lang=\"FR-CA\">Handicap physique (amputation, infirmit\u00e9 motrice c\u00e9r\u00e9brale, fibromyalgie, arthrite, scl\u00e9rose en plaques)<\/span><\/li><li>\u00a0Handicap sensoriel (autisme, perte d&rsquo;audition, trouble du traitement sensoriel)<\/li><\/ul><\/div>\n\t\t\t\t<\/div>\n\t\t\t\t\t\t\t\t<\/div>\n\t\t\t\t\t\t<\/div>\n\t\t\t\t\t<\/div>\n\t\t<\/div>\n\t\t\t\t\t<\/div>\n\t\t<\/section>\n\t\t\t\t<\/div>\n\t\t","protected":false},"excerpt":{"rendered":"<p>Nous demandons car nous nous soucions. Le Centre de sant\u00e9 communautaire de Nipissing Ouest (CSCNO) met \u00e0 jour et\/ou recueille des informations pour nous aider \u00e0 mieux conna\u00eetre les clients [&hellip;]<\/p>\n","protected":false},"author":2,"featured_media":0,"parent":23,"menu_order":0,"comment_status":"closed","ping_status":"closed","template":"","meta":{"_acf_changed":false,"footnotes":""},"class_list":["post-7772","page","type-page","status-publish","hentry"],"acf":[],"yoast_head":"<!-- This site is optimized with the Yoast SEO Premium plugin v27.5 (Yoast SEO v27.5) - https:\/\/yoast.com\/product\/yoast-seo-premium-wordpress\/ -->\n<title>Nous demandons car nous nous soucions - Centre de sant\u00e9 communautaire de Nipissing Ouest - West Nipissing Community Health Centre<\/title>\n<meta name=\"robots\" content=\"index, follow, max-snippet:-1, max-image-preview:large, max-video-preview:-1\" \/>\n<link rel=\"canonical\" href=\"https:\/\/www.cscno-wnchc.org\/fr\/a-propos-de-nous\/nous-demandons-car-nous-nous-soucions\/\" \/>\n<meta property=\"og:locale\" content=\"fr_FR\" \/>\n<meta property=\"og:type\" content=\"article\" \/>\n<meta property=\"og:title\" content=\"Nous demandons car nous nous soucions\" \/>\n<meta property=\"og:description\" content=\"Nous demandons car nous nous soucions. Le Centre de sant\u00e9 communautaire de Nipissing Ouest (CSCNO) met \u00e0 jour et\/ou recueille des informations pour nous aider \u00e0 mieux conna\u00eetre les clients [&hellip;]\" \/>\n<meta property=\"og:url\" content=\"https:\/\/www.cscno-wnchc.org\/fr\/a-propos-de-nous\/nous-demandons-car-nous-nous-soucions\/\" \/>\n<meta property=\"og:site_name\" content=\"Centre de sant\u00e9 communautaire de Nipissing Ouest - West Nipissing Community Health Centre\" \/>\n<meta property=\"article:publisher\" content=\"https:\/\/www.facebook.com\/WestNipissingCHC\/\" \/>\n<meta property=\"article:modified_time\" content=\"2023-12-14T15:21:04+00:00\" \/>\n<meta property=\"og:image\" content=\"https:\/\/www.cscno-wnchc.org\/wp-content\/uploads\/2023\/08\/Nous-demandons-car-nous-nous-soucions.png\" \/>\n<meta name=\"twitter:card\" content=\"summary_large_image\" \/>\n<meta name=\"twitter:label1\" content=\"Dur\u00e9e de lecture estim\u00e9e\" \/>\n\t<meta name=\"twitter:data1\" content=\"5 minutes\" \/>\n<script type=\"application\/ld+json\" class=\"yoast-schema-graph\">{\"@context\":\"https:\\\/\\\/schema.org\",\"@graph\":[{\"@type\":\"WebPage\",\"@id\":\"https:\\\/\\\/www.cscno-wnchc.org\\\/fr\\\/a-propos-de-nous\\\/nous-demandons-car-nous-nous-soucions\\\/\",\"url\":\"https:\\\/\\\/www.cscno-wnchc.org\\\/fr\\\/a-propos-de-nous\\\/nous-demandons-car-nous-nous-soucions\\\/\",\"name\":\"Nous demandons car nous nous soucions - Centre de sant\u00e9 communautaire de Nipissing Ouest - West Nipissing Community Health Centre\",\"isPartOf\":{\"@id\":\"https:\\\/\\\/www.cscno-wnchc.org\\\/fr\\\/#website\"},\"primaryImageOfPage\":{\"@id\":\"https:\\\/\\\/www.cscno-wnchc.org\\\/fr\\\/a-propos-de-nous\\\/nous-demandons-car-nous-nous-soucions\\\/#primaryimage\"},\"image\":{\"@id\":\"https:\\\/\\\/www.cscno-wnchc.org\\\/fr\\\/a-propos-de-nous\\\/nous-demandons-car-nous-nous-soucions\\\/#primaryimage\"},\"thumbnailUrl\":\"https:\\\/\\\/www.cscno-wnchc.org\\\/wp-content\\\/uploads\\\/2023\\\/08\\\/Nous-demandons-car-nous-nous-soucions.png\",\"datePublished\":\"2023-08-25T17:51:57+00:00\",\"dateModified\":\"2023-12-14T15:21:04+00:00\",\"breadcrumb\":{\"@id\":\"https:\\\/\\\/www.cscno-wnchc.org\\\/fr\\\/a-propos-de-nous\\\/nous-demandons-car-nous-nous-soucions\\\/#breadcrumb\"},\"inLanguage\":\"fr-FR\",\"potentialAction\":[{\"@type\":\"ReadAction\",\"target\":[\"https:\\\/\\\/www.cscno-wnchc.org\\\/fr\\\/a-propos-de-nous\\\/nous-demandons-car-nous-nous-soucions\\\/\"]}]},{\"@type\":\"ImageObject\",\"inLanguage\":\"fr-FR\",\"@id\":\"https:\\\/\\\/www.cscno-wnchc.org\\\/fr\\\/a-propos-de-nous\\\/nous-demandons-car-nous-nous-soucions\\\/#primaryimage\",\"url\":\"https:\\\/\\\/www.cscno-wnchc.org\\\/wp-content\\\/uploads\\\/2023\\\/08\\\/Nous-demandons-car-nous-nous-soucions.png\",\"contentUrl\":\"https:\\\/\\\/www.cscno-wnchc.org\\\/wp-content\\\/uploads\\\/2023\\\/08\\\/Nous-demandons-car-nous-nous-soucions.png\"},{\"@type\":\"BreadcrumbList\",\"@id\":\"https:\\\/\\\/www.cscno-wnchc.org\\\/fr\\\/a-propos-de-nous\\\/nous-demandons-car-nous-nous-soucions\\\/#breadcrumb\",\"itemListElement\":[{\"@type\":\"ListItem\",\"position\":1,\"name\":\"Home\",\"item\":\"https:\\\/\\\/www.cscno-wnchc.org\\\/fr\\\/\"},{\"@type\":\"ListItem\",\"position\":2,\"name\":\"\u00c0 propos de nous\",\"item\":\"https:\\\/\\\/www.cscno-wnchc.org\\\/fr\\\/a-propos-de-nous\\\/\"},{\"@type\":\"ListItem\",\"position\":3,\"name\":\"Nous demandons car nous nous soucions\"}]},{\"@type\":\"WebSite\",\"@id\":\"https:\\\/\\\/www.cscno-wnchc.org\\\/fr\\\/#website\",\"url\":\"https:\\\/\\\/www.cscno-wnchc.org\\\/fr\\\/\",\"name\":\"Centre de sant\u00e9 communautaire de Nipissing Ouest - West Nipissing Community Health Centre\",\"description\":\"Centre de sant\u00e9 communautaire de Nipissing Ouest - West Nipissing Community Health Centre\",\"publisher\":{\"@id\":\"https:\\\/\\\/www.cscno-wnchc.org\\\/fr\\\/#organization\"},\"potentialAction\":[{\"@type\":\"SearchAction\",\"target\":{\"@type\":\"EntryPoint\",\"urlTemplate\":\"https:\\\/\\\/www.cscno-wnchc.org\\\/fr\\\/?s={search_term_string}\"},\"query-input\":{\"@type\":\"PropertyValueSpecification\",\"valueRequired\":true,\"valueName\":\"search_term_string\"}}],\"inLanguage\":\"fr-FR\"},{\"@type\":\"Organization\",\"@id\":\"https:\\\/\\\/www.cscno-wnchc.org\\\/fr\\\/#organization\",\"name\":\"Centre de sant\u00e9 communautaire de Nipissing Ouest - West Nipissing Community Health Centre\",\"url\":\"https:\\\/\\\/www.cscno-wnchc.org\\\/fr\\\/\",\"logo\":{\"@type\":\"ImageObject\",\"inLanguage\":\"fr-FR\",\"@id\":\"https:\\\/\\\/www.cscno-wnchc.org\\\/fr\\\/#\\\/schema\\\/logo\\\/image\\\/\",\"url\":\"https:\\\/\\\/www.cscno-wnchc.org\\\/wp-content\\\/uploads\\\/2021\\\/06\\\/CSCNO_WNCHC_Badge.jpg\",\"contentUrl\":\"https:\\\/\\\/www.cscno-wnchc.org\\\/wp-content\\\/uploads\\\/2021\\\/06\\\/CSCNO_WNCHC_Badge.jpg\",\"width\":653,\"height\":569,\"caption\":\"Centre de sant\u00e9 communautaire de Nipissing Ouest - West Nipissing Community Health Centre\"},\"image\":{\"@id\":\"https:\\\/\\\/www.cscno-wnchc.org\\\/fr\\\/#\\\/schema\\\/logo\\\/image\\\/\"},\"sameAs\":[\"https:\\\/\\\/www.facebook.com\\\/WestNipissingCHC\\\/\"]}]}<\/script>\n<!-- \/ Yoast SEO Premium plugin. -->","yoast_head_json":{"title":"Nous demandons car nous nous soucions - Centre de sant\u00e9 communautaire de Nipissing Ouest - West Nipissing Community Health Centre","robots":{"index":"index","follow":"follow","max-snippet":"max-snippet:-1","max-image-preview":"max-image-preview:large","max-video-preview":"max-video-preview:-1"},"canonical":"https:\/\/www.cscno-wnchc.org\/fr\/a-propos-de-nous\/nous-demandons-car-nous-nous-soucions\/","og_locale":"fr_FR","og_type":"article","og_title":"Nous demandons car nous nous soucions","og_description":"Nous demandons car nous nous soucions. Le Centre de sant\u00e9 communautaire de Nipissing Ouest (CSCNO) met \u00e0 jour et\/ou recueille des informations pour nous aider \u00e0 mieux conna\u00eetre les clients [&hellip;]","og_url":"https:\/\/www.cscno-wnchc.org\/fr\/a-propos-de-nous\/nous-demandons-car-nous-nous-soucions\/","og_site_name":"Centre de sant\u00e9 communautaire de Nipissing Ouest - West Nipissing Community Health Centre","article_publisher":"https:\/\/www.facebook.com\/WestNipissingCHC\/","article_modified_time":"2023-12-14T15:21:04+00:00","og_image":[{"url":"https:\/\/www.cscno-wnchc.org\/wp-content\/uploads\/2023\/08\/Nous-demandons-car-nous-nous-soucions.png","type":"","width":"","height":""}],"twitter_card":"summary_large_image","twitter_misc":{"Dur\u00e9e de lecture estim\u00e9e":"5 minutes"},"schema":{"@context":"https:\/\/schema.org","@graph":[{"@type":"WebPage","@id":"https:\/\/www.cscno-wnchc.org\/fr\/a-propos-de-nous\/nous-demandons-car-nous-nous-soucions\/","url":"https:\/\/www.cscno-wnchc.org\/fr\/a-propos-de-nous\/nous-demandons-car-nous-nous-soucions\/","name":"Nous demandons car nous nous soucions - Centre de sant\u00e9 communautaire de Nipissing Ouest - West Nipissing Community Health Centre","isPartOf":{"@id":"https:\/\/www.cscno-wnchc.org\/fr\/#website"},"primaryImageOfPage":{"@id":"https:\/\/www.cscno-wnchc.org\/fr\/a-propos-de-nous\/nous-demandons-car-nous-nous-soucions\/#primaryimage"},"image":{"@id":"https:\/\/www.cscno-wnchc.org\/fr\/a-propos-de-nous\/nous-demandons-car-nous-nous-soucions\/#primaryimage"},"thumbnailUrl":"https:\/\/www.cscno-wnchc.org\/wp-content\/uploads\/2023\/08\/Nous-demandons-car-nous-nous-soucions.png","datePublished":"2023-08-25T17:51:57+00:00","dateModified":"2023-12-14T15:21:04+00:00","breadcrumb":{"@id":"https:\/\/www.cscno-wnchc.org\/fr\/a-propos-de-nous\/nous-demandons-car-nous-nous-soucions\/#breadcrumb"},"inLanguage":"fr-FR","potentialAction":[{"@type":"ReadAction","target":["https:\/\/www.cscno-wnchc.org\/fr\/a-propos-de-nous\/nous-demandons-car-nous-nous-soucions\/"]}]},{"@type":"ImageObject","inLanguage":"fr-FR","@id":"https:\/\/www.cscno-wnchc.org\/fr\/a-propos-de-nous\/nous-demandons-car-nous-nous-soucions\/#primaryimage","url":"https:\/\/www.cscno-wnchc.org\/wp-content\/uploads\/2023\/08\/Nous-demandons-car-nous-nous-soucions.png","contentUrl":"https:\/\/www.cscno-wnchc.org\/wp-content\/uploads\/2023\/08\/Nous-demandons-car-nous-nous-soucions.png"},{"@type":"BreadcrumbList","@id":"https:\/\/www.cscno-wnchc.org\/fr\/a-propos-de-nous\/nous-demandons-car-nous-nous-soucions\/#breadcrumb","itemListElement":[{"@type":"ListItem","position":1,"name":"Home","item":"https:\/\/www.cscno-wnchc.org\/fr\/"},{"@type":"ListItem","position":2,"name":"\u00c0 propos de nous","item":"https:\/\/www.cscno-wnchc.org\/fr\/a-propos-de-nous\/"},{"@type":"ListItem","position":3,"name":"Nous demandons car nous nous soucions"}]},{"@type":"WebSite","@id":"https:\/\/www.cscno-wnchc.org\/fr\/#website","url":"https:\/\/www.cscno-wnchc.org\/fr\/","name":"Centre de sant\u00e9 communautaire de Nipissing Ouest - West Nipissing Community Health Centre","description":"Centre de sant\u00e9 communautaire de Nipissing Ouest - West Nipissing Community Health Centre","publisher":{"@id":"https:\/\/www.cscno-wnchc.org\/fr\/#organization"},"potentialAction":[{"@type":"SearchAction","target":{"@type":"EntryPoint","urlTemplate":"https:\/\/www.cscno-wnchc.org\/fr\/?s={search_term_string}"},"query-input":{"@type":"PropertyValueSpecification","valueRequired":true,"valueName":"search_term_string"}}],"inLanguage":"fr-FR"},{"@type":"Organization","@id":"https:\/\/www.cscno-wnchc.org\/fr\/#organization","name":"Centre de sant\u00e9 communautaire de Nipissing Ouest - West Nipissing Community Health Centre","url":"https:\/\/www.cscno-wnchc.org\/fr\/","logo":{"@type":"ImageObject","inLanguage":"fr-FR","@id":"https:\/\/www.cscno-wnchc.org\/fr\/#\/schema\/logo\/image\/","url":"https:\/\/www.cscno-wnchc.org\/wp-content\/uploads\/2021\/06\/CSCNO_WNCHC_Badge.jpg","contentUrl":"https:\/\/www.cscno-wnchc.org\/wp-content\/uploads\/2021\/06\/CSCNO_WNCHC_Badge.jpg","width":653,"height":569,"caption":"Centre de sant\u00e9 communautaire de Nipissing Ouest - West Nipissing Community Health Centre"},"image":{"@id":"https:\/\/www.cscno-wnchc.org\/fr\/#\/schema\/logo\/image\/"},"sameAs":["https:\/\/www.facebook.com\/WestNipissingCHC\/"]}]}},"_links":{"self":[{"href":"https:\/\/www.cscno-wnchc.org\/fr\/wp-json\/wp\/v2\/pages\/7772","targetHints":{"allow":["GET"]}}],"collection":[{"href":"https:\/\/www.cscno-wnchc.org\/fr\/wp-json\/wp\/v2\/pages"}],"about":[{"href":"https:\/\/www.cscno-wnchc.org\/fr\/wp-json\/wp\/v2\/types\/page"}],"author":[{"embeddable":true,"href":"https:\/\/www.cscno-wnchc.org\/fr\/wp-json\/wp\/v2\/users\/2"}],"replies":[{"embeddable":true,"href":"https:\/\/www.cscno-wnchc.org\/fr\/wp-json\/wp\/v2\/comments?post=7772"}],"version-history":[{"count":0,"href":"https:\/\/www.cscno-wnchc.org\/fr\/wp-json\/wp\/v2\/pages\/7772\/revisions"}],"up":[{"embeddable":true,"href":"https:\/\/www.cscno-wnchc.org\/fr\/wp-json\/wp\/v2\/pages\/23"}],"wp:attachment":[{"href":"https:\/\/www.cscno-wnchc.org\/fr\/wp-json\/wp\/v2\/media?parent=7772"}],"curies":[{"name":"wp","href":"https:\/\/api.w.org\/{rel}","templated":true}]}}